{"id":3642,"date":"2024-01-31T09:18:40","date_gmt":"2024-01-31T09:18:40","guid":{"rendered":"https:\/\/agropic.it\/prodotto\/pate-dolives-vertes-200g\/"},"modified":"2026-03-10T16:12:14","modified_gmt":"2026-03-10T16:12:14","slug":"pate-dolives-vertes-200g","status":"publish","type":"product","link":"https:\/\/agropic.it\/fr\/Produit\/pate-dolives-vertes-200g\/","title":{"rendered":"P\u00e2t\u00e9 d&rsquo;olives vertes 190g"},"content":{"rendered":"<h5>Le p\u00e2t\u00e9 d&rsquo;olives vertes a un go\u00fbt intense et vif, id\u00e9al pour les rustiques et les ap\u00e9ritifs, mais aussi excellent lorsqu&rsquo;il est tartin\u00e9 sur du pain pour des en-cas savoureux.<\/h5>\n<p>Pour \u00e9laborer le p\u00e2t\u00e9 d&rsquo;olives vertes d&rsquo;Agro Pic, les meilleures olives 100 % calabraises sont s\u00e9lectionn\u00e9es, fra\u00eechement cueillies sur les terres de l&rsquo;entreprise et transform\u00e9es selon une pr\u00e9paration minutieuse et ancestrale avec de l&rsquo;eau et du sel. Nous ajoutons du piment, de l&rsquo;origan et de l&rsquo;ail pour les rendre encore plus sp\u00e9ciales et savoureuses. <\/p>\n<p><strong>Ingr\u00e9dients :<\/strong> Olives 64%, huile d&rsquo;olive extra vierge, huile de tournesol, sel, ail, piment, origan, r\u00e9gulateur d&rsquo;acidit\u00e9 : acide citrique, antioxydant : acide ascorbique.<\/p>\n<p>Produit sans conservateur.<\/p>\n<p><strong>Origine des olives :<\/strong> Italie<\/p>\n<p><strong>Format :<\/strong> 190g<\/p>\n<h6>Les olives sont l&rsquo;un des aliments les plus importants du r\u00e9gime m\u00e9diterran\u00e9en typique et poss\u00e8dent de nombreuses propri\u00e9t\u00e9s b\u00e9n\u00e9fiques :<\/h6>\n<ul>\n<li>\n<h6>Ils r\u00e9duisent le taux de mauvais cholest\u00e9rol Ldl et augmentent la production de bon cholest\u00e9rol Hdl car ils sont riches en graisses mono-insatur\u00e9es et sont donc tr\u00e8s efficaces pour pr\u00e9venir les maladies cardiovasculaires telles que les accidents vasculaires c\u00e9r\u00e9braux et les infarctus du myocarde.<\/h6>\n<\/li>\n<li>\n<h6>Riche en vitamines, notamment en vitamine E.<\/h6>\n<\/li>\n<li>\n<h6>Riche en min\u00e9raux tels que le calcium, le magn\u00e9sium et le sodium.<\/h6>\n<\/li>\n<li>\n<h6>Ils poss\u00e8dent une puissante action antioxydante et anti-inflammatoire.<\/h6>\n<\/li>\n<li>\n<h6>Ils ont une bonne teneur en cuivre et en fer, ces substances am\u00e9liorant en effet la production de globules rouges et, par cons\u00e9quent, la circulation sanguine.<\/h6>\n<\/li>\n<li>\n<h6>Ils sont souvent recommand\u00e9s pour maintenir une bonne forme physique, dans les r\u00e9gimes m\u00e9diterran\u00e9ens et pour aider \u00e0 r\u00e9soudre les probl\u00e8mes digestifs.<\/h6>\n<\/li>\n<\/ul>\n<p><strong>Entreprise familiale et s\u00e9lection des meilleures mati\u00e8res premi\u00e8res<\/strong>, cultiv\u00e9es dans le sol fertile de l&rsquo;entreprise et transform\u00e9es selon une tradition ancestrale.<\/p>\n<p>Outre le p\u00e2t\u00e9 d&rsquo;olives vertes, nous proposons une large gamme de produits, tous \u00e9labor\u00e9s selon des m\u00e9thodes fra\u00eeches et artisanales, \u00e0 la saveur inimitable, tels que des jus de fruits, des confitures et des marmelades de fruits de saison, des pur\u00e9es de tomates, des cr\u00e8mes, du miel et des conserves \u00e0 l&rsquo;huile.<\/p>\n<p>L<strong>&lsquo;objectif principal de l&rsquo;activit\u00e9 est de valoriser les saveurs et les fruits de la Calabre, en particulier ceux qui sont sp\u00e9ciaux et g\u00e9n\u00e9ralement moins connus<\/strong>, comme la bergamote, un fruit aux multiples propri\u00e9t\u00e9s b\u00e9n\u00e9fiques, aussi unique et acide que l&rsquo;ensemble du territoire calabrais.<\/p>\n<p>Nous proposons des produits authentiques de haute qualit\u00e9, issus d&rsquo;une s\u00e9lection rigoureuse et contr\u00f4l\u00e9e de mati\u00e8res premi\u00e8res, dont la plupart sont cultiv\u00e9es directement par nos soins et obtenues sans l&rsquo;utilisation de produits chimiques.<\/p>\n<p>Nature, tradition et haute qualit\u00e9 sont les ingr\u00e9dients du succ\u00e8s d&rsquo;Agro Pic.<\/p>\n<p>Suivez-nous sur INSTAGRAM pour d\u00e9couvrir toute l&rsquo;actualit\u00e9 d&rsquo;Agro Pic<\/p>\n<p><a href=\"https:\/\/www.instagram.com\/agropic\/\" target=\"_blank\" rel=\"noopener\">https:\/\/www.instagram.com\/agropic\/<\/a><\/p>\n<p><strong>Pour toute information sur nos produits, n&rsquo;h\u00e9sitez pas \u00e0 <a href=\"https:\/\/www.agropic.it\/contatti\/\">nous contacter :<\/a><\/strong><\/p>\n<p>cellule. 3495651669<\/p>\n<p>Adresse \u00e9lectronique : info@agropic.it<\/p>\n<p>T\u00e9l. 0964 1955229<\/p>\n","protected":false},"excerpt":{"rendered":"<p>Le p\u00e2t\u00e9 d&rsquo;olives vertes a un go\u00fbt intense et vif, id\u00e9al pour les rustiques et les ap\u00e9ritifs, mais aussi excellent lorsqu&rsquo;il est tartin\u00e9 sur du pain pour des en-cas savoureux.<\/p>\n<p>Pour \u00e9laborer le p\u00e2t\u00e9 d&rsquo;olives vertes d&rsquo;Agro Pic, les meilleures olives 100 % calabraises sont s\u00e9lectionn\u00e9es, fra\u00eechement cueillies sur les terres de l&rsquo;entreprise, et trait\u00e9es selon la pr\u00e9paration minutieuse et ancestrale avec de l&rsquo;eau et du sel. Nous ajoutons du piment, de l&rsquo;origan et de l&rsquo;ail pour les rendre encore plus sp\u00e9ciales et savoureuses. <\/p>\n<p>Produit sans conservateur.<\/p>\n<p><strong>Format :<\/strong> 190g<\/p>\n<p><strong>Origine Olives :<\/strong> Italie<\/p>\n<p><strong>Achetez-le maintenant et recevez-le \u00e0 votre domicile en 2 ou 3 jours.<\/strong><\/p>\n<p>Lisez la description compl\u00e8te ci-dessous&hellip; <a class=\"kt-excerpt-readmore more-link\" href=\"https:\/\/agropic.it\/fr\/Produit\/pate-dolives-vertes-200g\/\" aria-label=\"P\u00e2t\u00e9 d&rsquo;olives vertes 190g\">Read More<\/a><\/p>\n","protected":false},"featured_media":7159,"comment_status":"closed","ping_status":"closed","template":"","meta":{"kt_blocks_editor_width":"","_kad_blocks_custom_css":"","_kad_blocks_head_custom_js":"","_kad_blocks_body_custom_js":"","_kad_blocks_footer_custom_js":""},"product_brand":[],"product_cat":[247],"product_tag":[1152,1153,553,1154],"class_list":{"0":"post-3642","1":"product","2":"type-product","3":"status-publish","4":"has-post-thumbnail","6":"product_cat-cremes-pate-et-tartinades","7":"product_tag-creme-dolive","8":"product_tag-olives-battues","9":"product_tag-pate-dolives","10":"product_tag-pesto-dolives","12":"first","13":"instock","14":"shipping-taxable","15":"purchasable","16":"product-type-simple"},"taxonomy_info":{"product_cat":[{"value":247,"label":"Cr\u00e8mes p\u00e2t\u00e9 et tartinades"}],"product_tag":[{"value":1152,"label":"cr\u00e8me d'olive"},{"value":1153,"label":"olives battues"},{"value":553,"label":"p\u00e2t\u00e9 d'olives"},{"value":1154,"label":"pesto d'olives"}]},"featured_image_src_large":["https:\/\/agropic.it\/wp-content\/uploads\/2023\/03\/Pate-di-olive-verdi-960x960.webp",960,960,true],"author_info":[],"comment_info":0,"_links":{"self":[{"href":"https:\/\/agropic.it\/fr\/wp-json\/wp\/v2\/product\/3642","targetHints":{"allow":["GET"]}}],"collection":[{"href":"https:\/\/agropic.it\/fr\/wp-json\/wp\/v2\/product"}],"about":[{"href":"https:\/\/agropic.it\/fr\/wp-json\/wp\/v2\/types\/product"}],"replies":[{"embeddable":true,"href":"https:\/\/agropic.it\/fr\/wp-json\/wp\/v2\/comments?post=3642"}],"wp:featuredmedia":[{"embeddable":true,"href":"https:\/\/agropic.it\/fr\/wp-json\/wp\/v2\/media\/7159"}],"wp:attachment":[{"href":"https:\/\/agropic.it\/fr\/wp-json\/wp\/v2\/media?parent=3642"}],"wp:term":[{"taxonomy":"product_brand","embeddable":true,"href":"https:\/\/agropic.it\/fr\/wp-json\/wp\/v2\/product_brand?post=3642"},{"taxonomy":"product_cat","embeddable":true,"href":"https:\/\/agropic.it\/fr\/wp-json\/wp\/v2\/product_cat?post=3642"},{"taxonomy":"product_tag","embeddable":true,"href":"https:\/\/agropic.it\/fr\/wp-json\/wp\/v2\/product_tag?post=3642"}],"curies":[{"name":"wp","href":"https:\/\/api.w.org\/{rel}","templated":true}]}}